{"id":131,"date":"2013-11-11T08:49:15","date_gmt":"2013-11-11T08:49:15","guid":{"rendered":"http:\/\/www.muzikoterapeuti.hr\/?page_id=131"},"modified":"2015-06-05T12:33:07","modified_gmt":"2015-06-05T12:33:07","slug":"casopis-imagine","status":"publish","type":"page","link":"http:\/\/www.muzikoterapeuti.hr\/?page_id=131","title":{"rendered":"\u010casopis &#8220;Imagine&#8221;"},"content":{"rendered":"<p><span style=\"color: #008000;\">Muzikoterapija u ranoj razvojnoj dobi<\/span><\/p>\n<p>\u010casopis<span style=\"color: #ff6600;\">\u00a0<span style=\"color: #008000;\"><em>Imagine <\/em><\/span><span style=\"color: #000000;\">je<\/span><span style=\"color: #000000;\"> on-line \u010dasopis posve\u0107en ja\u010danju \u017eivotnih potencijala djece <\/span><\/span><br \/>\n<span style=\"color: #ff6600;\"><span style=\"color: #000000;\">rane razvojne dobi i njihovih obitelji dijeljenjem znanja, strategija i ideja izme\u0111u<br \/>\nstru\u010dnjaka na podru\u010dju muzikoterapije.<\/span><\/span><\/p>\n<p style=\"text-align: center;\"><a href=\"http:\/\/www.muzikoterapeuti.hr\/wp-content\/uploads\/2013\/11\/imagine.jpg\"><img decoding=\"async\" loading=\"lazy\" class=\" size-full wp-image-568 aligncenter\" src=\"http:\/\/www.muzikoterapeuti.hr\/wp-content\/uploads\/2013\/11\/imagine.jpg\" alt=\"imagine\" width=\"297\" height=\"385\" srcset=\"http:\/\/www.muzikoterapeuti.hr\/wp-content\/uploads\/2013\/11\/imagine.jpg 297w, http:\/\/www.muzikoterapeuti.hr\/wp-content\/uploads\/2013\/11\/imagine-231x300.jpg 231w\" sizes=\"(max-width: 297px) 100vw, 297px\" \/><\/a><span style=\"color: #008000;\"><a style=\"color: #008000;\" href=\"http:\/\/imagine.musictherapy.biz\/Imagine\/home.html\">http:\/\/imagine.musictherapy.biz\/Imagine\/home.html<\/a><\/span><\/p>\n<p style=\"text-align: center;\">\n","protected":false},"excerpt":{"rendered":"<p>Muzikoterapija u ranoj razvojnoj dobi \u010casopis\u00a0Imagine je on-line \u010dasopis posve\u0107en ja\u010danju \u017eivotnih potencijala djece rane razvojne dobi i njihovih obitelji dijeljenjem znanja, strategija i ideja izme\u0111u stru\u010dnjaka na podru\u010dju muzikoterapije. http:\/\/imagine.musictherapy.biz\/Imagine\/home.html<\/p>\n","protected":false},"author":3,"featured_media":0,"parent":83,"menu_order":0,"comment_status":"closed","ping_status":"closed","template":"","meta":[],"_links":{"self":[{"href":"http:\/\/www.muzikoterapeuti.hr\/index.php?rest_route=\/wp\/v2\/pages\/131"}],"collection":[{"href":"http:\/\/www.muzikoterapeuti.hr\/index.php?rest_route=\/wp\/v2\/pages"}],"about":[{"href":"http:\/\/www.muzikoterapeuti.hr\/index.php?rest_route=\/wp\/v2\/types\/page"}],"author":[{"embeddable":true,"href":"http:\/\/www.muzikoterapeuti.hr\/index.php?rest_route=\/wp\/v2\/users\/3"}],"replies":[{"embeddable":true,"href":"http:\/\/www.muzikoterapeuti.hr\/index.php?rest_route=%2Fwp%2Fv2%2Fcomments&post=131"}],"version-history":[{"count":8,"href":"http:\/\/www.muzikoterapeuti.hr\/index.php?rest_route=\/wp\/v2\/pages\/131\/revisions"}],"predecessor-version":[{"id":570,"href":"http:\/\/www.muzikoterapeuti.hr\/index.php?rest_route=\/wp\/v2\/pages\/131\/revisions\/570"}],"up":[{"embeddable":true,"href":"http:\/\/www.muzikoterapeuti.hr\/index.php?rest_route=\/wp\/v2\/pages\/83"}],"wp:attachment":[{"href":"http:\/\/www.muzikoterapeuti.hr\/index.php?rest_route=%2Fwp%2Fv2%2Fmedia&parent=131"}],"curies":[{"name":"wp","href":"https:\/\/api.w.org\/{rel}","templated":true}]}}